{"id":5006,"date":"2023-02-08T17:15:20","date_gmt":"2023-02-08T16:15:20","guid":{"rendered":"https:\/\/www.panel-composite.com\/mecanitzat\/"},"modified":"2026-01-19T05:51:05","modified_gmt":"2026-01-19T04:51:05","slug":"mecanitzat","status":"publish","type":"page","link":"https:\/\/panel-composite.com\/ca\/mecanitzat\/","title":{"rendered":"Mecanitzat Panell Composite Alumini"},"content":{"rendered":"\t\t<div data-elementor-type=\"wp-page\" data-elementor-id=\"5006\" class=\"elementor elementor-5006 elementor-2587\" data-elementor-post-type=\"page\">\n\t\t\t\t\t\t<section class=\"elementor-section elementor-top-section elementor-element elementor-element-7acc035a elementor-section-content-middle elementor-section-boxed elementor-section-height-default elementor-section-height-default\" data-id=\"7acc035a\" data-element_type=\"section\" data-e-type=\"section\" data-settings=\"{&quot;background_background&quot;:&quot;classic&quot;,&quot;jet_parallax_layout_list&quot;:[]}\">\n\t\t\t\t\t\t\t<div class=\"elementor-background-overlay\"><\/div>\n\t\t\t\t\t\t\t<div class=\"elementor-container elementor-column-gap-wide\">\n\t\t\t\t\t<div class=\"elementor-column elementor-col-100 elementor-top-column elementor-element elementor-element-ce267ad\" data-id=\"ce267ad\" data-element_type=\"column\" data-e-type=\"column\">\n\t\t\t<div class=\"elementor-widget-wrap elementor-element-populated\">\n\t\t\t\t\t\t<div class=\"elementor-element elementor-element-1838e53a elementor-invisible elementor-widget elementor-widget-heading\" data-id=\"1838e53a\" data-element_type=\"widget\" data-e-type=\"widget\" data-settings=\"{&quot;_animation&quot;:&quot;fadeIn&quot;,&quot;_animation_delay&quot;:100}\" data-widget_type=\"heading.default\">\n\t\t\t\t<div class=\"elementor-widget-container\">\n\t\t\t\t\t<h1 class=\"elementor-heading-title elementor-size-default\">Servei de mecanitzat de panell composite Alucobond<\/h1>\t\t\t\t<\/div>\n\t\t\t\t<\/div>\n\t\t\t\t<div class=\"elementor-element elementor-element-9acb072 elementor-widget elementor-widget-text-editor\" data-id=\"9acb072\" data-element_type=\"widget\" data-e-type=\"widget\" data-widget_type=\"text-editor.default\">\n\t\t\t\t<div class=\"elementor-widget-container\">\n\t\t\t\t\t\t\t\t\t<p>Oferim als nostres clients tots els serveis necessaris per poder fer la fa\u00e7ana amb panell composite d&#8217;alumini Alucobond.<\/p>\n\t\t\t\t\t\t\t\t<\/div>\n\t\t\t\t<\/div>\n\t\t\t\t\t<\/div>\n\t\t<\/div>\n\t\t\t\t\t<\/div>\n\t\t<\/section>\n\t\t\t\t<section class=\"elementor-section elementor-top-section elementor-element elementor-element-2802bed elementor-section-boxed elementor-section-height-default elementor-section-height-default\" data-id=\"2802bed\" data-element_type=\"section\" data-e-type=\"section\" data-settings=\"{&quot;jet_parallax_layout_list&quot;:[],&quot;background_background&quot;:&quot;classic&quot;}\">\n\t\t\t\t\t\t<div class=\"elementor-container elementor-column-gap-default\">\n\t\t\t\t\t<div class=\"elementor-column elementor-col-50 elementor-top-column elementor-element elementor-element-5f65f45\" data-id=\"5f65f45\" data-element_type=\"column\" data-e-type=\"column\">\n\t\t\t<div class=\"elementor-widget-wrap elementor-element-populated\">\n\t\t\t\t\t\t<div class=\"elementor-element elementor-element-a734f52 elementor-widget elementor-widget-image\" data-id=\"a734f52\" data-element_type=\"widget\" data-e-type=\"widget\" data-widget_type=\"image.default\">\n\t\t\t\t<div class=\"elementor-widget-container\">\n\t\t\t\t\t\t\t\t\t\t\t\t\t\t\t<img fetchpriority=\"high\" decoding=\"async\" width=\"800\" height=\"564\" src=\"https:\/\/panel-composite.com\/wp-content\/uploads\/2023\/03\/499x319xAnotacioPCCP81P202020-03-23P20121500-e1677775759320.jpg\" class=\"attachment-large size-large wp-image-3322\" alt=\"\" srcset=\"https:\/\/panel-composite.com\/wp-content\/uploads\/2023\/03\/499x319xAnotacioPCCP81P202020-03-23P20121500-e1677775759320.jpg 807w, https:\/\/panel-composite.com\/wp-content\/uploads\/2023\/03\/499x319xAnotacioPCCP81P202020-03-23P20121500-e1677775759320-300x212.jpg 300w, https:\/\/panel-composite.com\/wp-content\/uploads\/2023\/03\/499x319xAnotacioPCCP81P202020-03-23P20121500-e1677775759320-768x542.jpg 768w, https:\/\/panel-composite.com\/wp-content\/uploads\/2023\/03\/499x319xAnotacioPCCP81P202020-03-23P20121500-e1677775759320-600x423.jpg 600w\" sizes=\"(max-width: 800px) 100vw, 800px\" title=\"\">\t\t\t\t\t\t\t\t\t\t\t\t\t\t\t<\/div>\n\t\t\t\t<\/div>\n\t\t\t\t\t<\/div>\n\t\t<\/div>\n\t\t\t\t<div class=\"elementor-column elementor-col-50 elementor-top-column elementor-element elementor-element-4110868\" data-id=\"4110868\" data-element_type=\"column\" data-e-type=\"column\">\n\t\t\t<div class=\"elementor-widget-wrap elementor-element-populated\">\n\t\t\t\t\t\t<div class=\"elementor-element elementor-element-d345fcc elementor-widget elementor-widget-spacer\" data-id=\"d345fcc\" data-element_type=\"widget\" data-e-type=\"widget\" data-widget_type=\"spacer.default\">\n\t\t\t\t<div class=\"elementor-widget-container\">\n\t\t\t\t\t\t\t<div class=\"elementor-spacer\">\n\t\t\t<div class=\"elementor-spacer-inner\"><\/div>\n\t\t<\/div>\n\t\t\t\t\t\t<\/div>\n\t\t\t\t<\/div>\n\t\t\t\t<div class=\"elementor-element elementor-element-87a5e7a elementor-widget elementor-widget-heading\" data-id=\"87a5e7a\" data-element_type=\"widget\" data-e-type=\"widget\" data-widget_type=\"heading.default\">\n\t\t\t\t<div class=\"elementor-widget-container\">\n\t\t\t\t\t<h2 class=\"elementor-heading-title elementor-size-default\">Mecanitzat i transformaci\u00f3 per a panell composite alucobond<\/h2>\t\t\t\t<\/div>\n\t\t\t\t<\/div>\n\t\t\t\t<div class=\"elementor-element elementor-element-8a586c9 elementor-widget elementor-widget-text-editor\" data-id=\"8a586c9\" data-element_type=\"widget\" data-e-type=\"widget\" data-widget_type=\"text-editor.default\">\n\t\t\t\t<div class=\"elementor-widget-container\">\n\t\t\t\t\t\t\t\t\t<p data-path-to-node=\"2\"><b data-path-to-node=\"2\" data-index-in-node=\"0\">Oferim un servei integral de mecanitzat de panells composite per garantir l\u00e8xit dels seus projectes darquitectura i construcci\u00f3.<\/b>  El panell Alucobond \u00e9s la soluci\u00f3 capdavantera gr\u00e0cies a la seva extrema resist\u00e8ncia a la corrosi\u00f3 i l&#8217;envelliment, per\u00f2 el seu acabat premium dep\u00e8n d&#8217;una transformaci\u00f3 t\u00e8cnica precisa.<\/p>\n<p data-path-to-node=\"3\">Com a especialistes en el sector, proporcionem totes les opcions de <b data-path-to-node=\"3\" data-index-in-node=\"70\">mecanitzaci\u00f3 a mida<\/b> necess\u00e0ries per crear estructures personalitzades i duradores. El nostre servei combina efici\u00e8ncia i una excel\u00b7lent relaci\u00f3 qualitat-preu, adaptant el cost a la complexitat t\u00e8cnica de cada pe\u00e7a per oferir una soluci\u00f3 rendible a cada fase de la seva obra.<\/p>\n\t\t\t\t\t\t\t\t<\/div>\n\t\t\t\t<\/div>\n\t\t\t\t\t<\/div>\n\t\t<\/div>\n\t\t\t\t\t<\/div>\n\t\t<\/section>\n\t\t\t\t<section class=\"elementor-section elementor-top-section elementor-element elementor-element-06919e9 elementor-section-boxed elementor-section-height-default elementor-section-height-default\" data-id=\"06919e9\" data-element_type=\"section\" data-e-type=\"section\" data-settings=\"{&quot;jet_parallax_layout_list&quot;:[],&quot;background_background&quot;:&quot;classic&quot;}\">\n\t\t\t\t\t\t<div class=\"elementor-container elementor-column-gap-default\">\n\t\t\t\t\t<div class=\"elementor-column elementor-col-50 elementor-top-column elementor-element elementor-element-e900985\" data-id=\"e900985\" data-element_type=\"column\" data-e-type=\"column\">\n\t\t\t<div class=\"elementor-widget-wrap elementor-element-populated\">\n\t\t\t\t\t\t<div class=\"elementor-element elementor-element-5eb5376 elementor-widget elementor-widget-spacer\" data-id=\"5eb5376\" data-element_type=\"widget\" data-e-type=\"widget\" data-widget_type=\"spacer.default\">\n\t\t\t\t<div class=\"elementor-widget-container\">\n\t\t\t\t\t\t\t<div class=\"elementor-spacer\">\n\t\t\t<div class=\"elementor-spacer-inner\"><\/div>\n\t\t<\/div>\n\t\t\t\t\t\t<\/div>\n\t\t\t\t<\/div>\n\t\t\t\t<div class=\"elementor-element elementor-element-bbb36e1 elementor-widget elementor-widget-heading\" data-id=\"bbb36e1\" data-element_type=\"widget\" data-e-type=\"widget\" data-widget_type=\"heading.default\">\n\t\t\t\t<div class=\"elementor-widget-container\">\n\t\t\t\t\t<h2 class=\"elementor-heading-title elementor-size-default\">Tall de panell composite alucobond<\/h2>\t\t\t\t<\/div>\n\t\t\t\t<\/div>\n\t\t\t\t<div class=\"elementor-element elementor-element-cba4d45 elementor-widget elementor-widget-text-editor\" data-id=\"cba4d45\" data-element_type=\"widget\" data-e-type=\"widget\" data-widget_type=\"text-editor.default\">\n\t\t\t\t<div class=\"elementor-widget-container\">\n\t\t\t\t\t\t\t\t\t<p data-path-to-node=\"2\"><b data-path-to-node=\"2\" data-index-in-node=\"0\">Subministrem un servei de tall de precisi\u00f3 per a panells composite mitjan\u00e7ant tecnologia CNC, serra mural i fresadores port\u00e0tils.<\/b>  Aquesta maquin\u00e0ria avan\u00e7ada ens permet executar talls rectes, corbs i en angle amb total exactitud, oferint la flexibilitat de disseny necess\u00e0ria per a qualsevol fa\u00e7ana arquitect\u00f2nica.<\/p>\n<p data-path-to-node=\"3\">Gr\u00e0cies al seu equilibri entre rigidesa i lleugeresa, el <b data-path-to-node=\"3\" data-index-in-node=\"53\">plaf\u00f3 composite<\/b> \u00e9s l&#8217;opci\u00f3 m\u00e9s rendible per a projectes que exigeixen resist\u00e8ncia a la corrosi\u00f3 i acabats elegants en colors s\u00f2lids o met\u00e0l\u00b7lics. Realitzem l&#8217;especejament a mida optimitzant el material per garantir un <b data-path-to-node=\"3\" data-index-in-node=\"276\">baix cost per metre quadrat<\/b> .<\/p>\n<p data-path-to-node=\"4\">Sistemes de tall disponibles:<\/p>\n<ul data-path-to-node=\"5\">\n<li>\n<p data-path-to-node=\"5,0,0\"><b data-path-to-node=\"5,0,0\" data-index-in-node=\"0\">Serres circulars verticals<\/b> : Especialitzades en talls rectes de gran format.<\/p>\n<\/li>\n<li>\n<p data-path-to-node=\"5,1,0\"><b data-path-to-node=\"5,1,0\" data-index-in-node=\"0\">Centres de mecanitzat CNC<\/b> : Tecnologia d&#8217;avantguarda per a talls rectes i corbes complexes.<\/p>\n<\/li>\n<li>\n<p data-path-to-node=\"5,2,0\"><b data-path-to-node=\"5,2,0\" data-index-in-node=\"0\">Cisalla<\/b> : Soluci\u00f3 \u00e0gil per a talls rectes amb acabats nets.<\/p>\n<\/li>\n<\/ul>\n\t\t\t\t\t\t\t\t<\/div>\n\t\t\t\t<\/div>\n\t\t\t\t\t<\/div>\n\t\t<\/div>\n\t\t\t\t<div class=\"elementor-column elementor-col-50 elementor-top-column elementor-element elementor-element-c0bce3d\" data-id=\"c0bce3d\" data-element_type=\"column\" data-e-type=\"column\">\n\t\t\t<div class=\"elementor-widget-wrap elementor-element-populated\">\n\t\t\t\t\t\t<div class=\"elementor-element elementor-element-038fa58 elementor-widget elementor-widget-image\" data-id=\"038fa58\" data-element_type=\"widget\" data-e-type=\"widget\" data-widget_type=\"image.default\">\n\t\t\t\t<div class=\"elementor-widget-container\">\n\t\t\t\t\t\t\t\t\t\t\t\t\t\t\t<img decoding=\"async\" width=\"768\" height=\"432\" data-src=\"https:\/\/panel-composite.com\/wp-content\/uploads\/2023\/11\/caja_composite-768x432.jpg\" class=\"attachment-medium_large size-medium_large wp-image-4975 lazyload\" alt=\"\" data-srcset=\"https:\/\/panel-composite.com\/wp-content\/uploads\/2023\/11\/caja_composite-768x432.jpg 768w, https:\/\/panel-composite.com\/wp-content\/uploads\/2023\/11\/caja_composite-300x169.jpg 300w, https:\/\/panel-composite.com\/wp-content\/uploads\/2023\/11\/caja_composite.jpg 900w\" data-sizes=\"(max-width: 768px) 100vw, 768px\" title=\"\" src=\"data:image\/svg+xml;base64,PHN2ZyB3aWR0aD0iMSIgaGVpZ2h0PSIxIiB4bWxucz0iaHR0cDovL3d3dy53My5vcmcvMjAwMC9zdmciPjwvc3ZnPg==\" style=\"--smush-placeholder-width: 768px; --smush-placeholder-aspect-ratio: 768\/432;\">\t\t\t\t\t\t\t\t\t\t\t\t\t\t\t<\/div>\n\t\t\t\t<\/div>\n\t\t\t\t\t<\/div>\n\t\t<\/div>\n\t\t\t\t\t<\/div>\n\t\t<\/section>\n\t\t\t\t<section class=\"elementor-section elementor-top-section elementor-element elementor-element-e04cbd6 elementor-section-boxed elementor-section-height-default elementor-section-height-default\" data-id=\"e04cbd6\" data-element_type=\"section\" data-e-type=\"section\" data-settings=\"{&quot;jet_parallax_layout_list&quot;:[],&quot;background_background&quot;:&quot;classic&quot;}\">\n\t\t\t\t\t\t<div class=\"elementor-container elementor-column-gap-default\">\n\t\t\t\t\t<div class=\"elementor-column elementor-col-50 elementor-top-column elementor-element elementor-element-5b28d27\" data-id=\"5b28d27\" data-element_type=\"column\" data-e-type=\"column\">\n\t\t\t<div class=\"elementor-widget-wrap elementor-element-populated\">\n\t\t\t\t\t\t<div class=\"elementor-element elementor-element-13476d2 elementor-widget elementor-widget-image\" data-id=\"13476d2\" data-element_type=\"widget\" data-e-type=\"widget\" data-widget_type=\"image.default\">\n\t\t\t\t<div class=\"elementor-widget-container\">\n\t\t\t\t\t\t\t\t\t\t\t\t\t\t\t<img decoding=\"async\" width=\"690\" height=\"436\" data-src=\"https:\/\/panel-composite.com\/wp-content\/uploads\/2016\/02\/212-718-MECAN-CORTE-FRESADO-Y-DOBLADO-e1679415322838.jpg\" class=\"attachment-medium_large size-medium_large wp-image-2991 lazyload\" alt=\"MECAN- CORTE, FRESADO Y DOBLADO\" data-srcset=\"https:\/\/panel-composite.com\/wp-content\/uploads\/2016\/02\/212-718-MECAN-CORTE-FRESADO-Y-DOBLADO-e1679415322838.jpg 690w, https:\/\/panel-composite.com\/wp-content\/uploads\/2016\/02\/212-718-MECAN-CORTE-FRESADO-Y-DOBLADO-e1679415322838-300x190.jpg 300w, https:\/\/panel-composite.com\/wp-content\/uploads\/2016\/02\/212-718-MECAN-CORTE-FRESADO-Y-DOBLADO-e1679415322838-600x379.jpg 600w\" data-sizes=\"(max-width: 690px) 100vw, 690px\" title=\"\" src=\"data:image\/svg+xml;base64,PHN2ZyB3aWR0aD0iMSIgaGVpZ2h0PSIxIiB4bWxucz0iaHR0cDovL3d3dy53My5vcmcvMjAwMC9zdmciPjwvc3ZnPg==\" style=\"--smush-placeholder-width: 690px; --smush-placeholder-aspect-ratio: 690\/436;\">\t\t\t\t\t\t\t\t\t\t\t\t\t\t\t<\/div>\n\t\t\t\t<\/div>\n\t\t\t\t\t<\/div>\n\t\t<\/div>\n\t\t\t\t<div class=\"elementor-column elementor-col-50 elementor-top-column elementor-element elementor-element-dab909c\" data-id=\"dab909c\" data-element_type=\"column\" data-e-type=\"column\">\n\t\t\t<div class=\"elementor-widget-wrap elementor-element-populated\">\n\t\t\t\t\t\t<div class=\"elementor-element elementor-element-e90999a elementor-widget elementor-widget-spacer\" data-id=\"e90999a\" data-element_type=\"widget\" data-e-type=\"widget\" data-widget_type=\"spacer.default\">\n\t\t\t\t<div class=\"elementor-widget-container\">\n\t\t\t\t\t\t\t<div class=\"elementor-spacer\">\n\t\t\t<div class=\"elementor-spacer-inner\"><\/div>\n\t\t<\/div>\n\t\t\t\t\t\t<\/div>\n\t\t\t\t<\/div>\n\t\t\t\t<div class=\"elementor-element elementor-element-bc7b431 elementor-widget elementor-widget-heading\" data-id=\"bc7b431\" data-element_type=\"widget\" data-e-type=\"widget\" data-widget_type=\"heading.default\">\n\t\t\t\t<div class=\"elementor-widget-container\">\n\t\t\t\t\t<h2 class=\"elementor-heading-title elementor-size-default\">Fresat i plegat per a panell composite alucobond<\/h2>\t\t\t\t<\/div>\n\t\t\t\t<\/div>\n\t\t\t\t<div class=\"elementor-element elementor-element-db3be91 elementor-widget elementor-widget-text-editor\" data-id=\"db3be91\" data-element_type=\"widget\" data-e-type=\"widget\" data-widget_type=\"text-editor.default\">\n\t\t\t\t<div class=\"elementor-widget-container\">\n\t\t\t\t\t\t\t\t\t<p data-path-to-node=\"2\"><b data-path-to-node=\"2\" data-index-in-node=\"0\">Transformem el plaf\u00f3 composite en safates arquitect\u00f2niques mitjan\u00e7ant sistemes de fresat i plegat d&#8217;alta precisi\u00f3.<\/b>  Aquest proc\u00e9s t\u00e8cnic permet conformar pestanyes perimetrals mitjan\u00e7ant un fresat parcial del panell, que posteriorment es dobleguen i es reforcen amb platines d&#8217;alumini i reblons per garantir la rigidesa estructural de la pe\u00e7a.<\/p>\n<p data-path-to-node=\"3\">Gr\u00e0cies al nostre m\u00e8tode de <b data-path-to-node=\"3\" data-index-in-node=\"28\">mecanitzat de panell composite<\/b> , podem realitzar plegats amb relleu o efectes 3D, mantenint sempre el film protector per assegurar un acabat impecable. Realitzem el fresat t\u00e8cnic a centres CNC, serres murals o fresadores port\u00e0tils amb angles de 90\u00ba o 135\u00ba, segons els requeriments del disseny.<\/p>\n<p data-path-to-node=\"4\">Comptem amb estris espec\u00edfics i <b data-path-to-node=\"4\" data-index-in-node=\"34\">plegadores per a panell composite<\/b> que garanteixen que el plec se situ\u00ef exactament al centre del fresat. Aquest control mil\u00b7lim\u00e8tric assegura que les dimensions finals de les safates coincideixin amb les mesures projectades, facilitant un muntatge r\u00e0pid i prec\u00eds a la fa\u00e7ana.<\/p>\n\t\t\t\t\t\t\t\t<\/div>\n\t\t\t\t<\/div>\n\t\t\t\t\t<\/div>\n\t\t<\/div>\n\t\t\t\t\t<\/div>\n\t\t<\/section>\n\t\t\t\t<\/div>\n\t\t","protected":false},"excerpt":{"rendered":"<p>Servei de mecanitzat de panell composite Alucobond Oferim als nostres clients tots els serveis necessaris per poder fer la fa\u00e7ana amb panell composite d&#8217;alumini Alucobond. Mecanitzat i transformaci\u00f3 per a panell composite alucobond Oferim un servei integral de mecanitzat de panells composite per garantir l\u00e8xit dels seus projectes darquitectura i construcci\u00f3. El panell Alucobond \u00e9s [&hellip;]<\/p>\n","protected":false},"author":13,"featured_media":0,"parent":0,"menu_order":290,"comment_status":"closed","ping_status":"closed","template":"elementor_header_footer","meta":{"footnotes":""},"class_list":["post-5006","page","type-page","status-publish","hentry"],"_links":{"self":[{"href":"https:\/\/panel-composite.com\/ca\/wp-json\/wp\/v2\/pages\/5006","targetHints":{"allow":["GET"]}}],"collection":[{"href":"https:\/\/panel-composite.com\/ca\/wp-json\/wp\/v2\/pages"}],"about":[{"href":"https:\/\/panel-composite.com\/ca\/wp-json\/wp\/v2\/types\/page"}],"author":[{"embeddable":true,"href":"https:\/\/panel-composite.com\/ca\/wp-json\/wp\/v2\/users\/13"}],"replies":[{"embeddable":true,"href":"https:\/\/panel-composite.com\/ca\/wp-json\/wp\/v2\/comments?post=5006"}],"version-history":[{"count":12,"href":"https:\/\/panel-composite.com\/ca\/wp-json\/wp\/v2\/pages\/5006\/revisions"}],"predecessor-version":[{"id":6662,"href":"https:\/\/panel-composite.com\/ca\/wp-json\/wp\/v2\/pages\/5006\/revisions\/6662"}],"wp:attachment":[{"href":"https:\/\/panel-composite.com\/ca\/wp-json\/wp\/v2\/media?parent=5006"}],"curies":[{"name":"wp","href":"https:\/\/api.w.org\/{rel}","templated":true}]}}